{"id":99,"date":"2024-06-03T13:29:44","date_gmt":"2024-06-03T11:29:44","guid":{"rendered":"http:\/\/statioromana.org\/?page_id=99"},"modified":"2024-06-03T19:50:15","modified_gmt":"2024-06-03T17:50:15","slug":"les-fouilles","status":"publish","type":"page","link":"https:\/\/statioromana.org\/index.php\/vicus\/les-fouilles\/","title":{"rendered":"Les fouilles"},"content":{"rendered":"\n<p>&nbsp;&nbsp;&nbsp;&nbsp; Le site de l&rsquo;antique agglom\u00e9ration fait l&rsquo;objet de recherches arch\u00e9ologiques sporadiques d\u00e8s 1838, en raison de nombreuses d\u00e9couvertes fortuites lors de labours. Mais aucune fouille pr\u00e9alable n&rsquo;est men\u00e9e avant la seconde moiti\u00e9 du XX<sup>\u00e8me<\/sup>&nbsp;si\u00e8cle.<\/p>\n\n\n\n<p>&nbsp;&nbsp;&nbsp;&nbsp; En 1952, en effet, le Service National des Fouilles entreprend les premiers travaux arch\u00e9ologiques scientifiques. Poursuivis en avril 1953 par Maurice LEFORT, pour la Section de la Belgique ancienne des Mus\u00e9es Royaux d\u2019Art et d\u2019Histoire de Bruxelles, dans une prairie \u00e0 quelques 1500 m au Sud du&nbsp;<em>vicus<\/em>, ceux-ci recoupent un mur de b\u00e2timent romain, solidement construit, et situ\u00e9 au Sud de la route Binche-Mons.<\/p>\n\n\n\n<p>&nbsp;&nbsp;&nbsp;&nbsp; En 1957, Dominique de GENNARO, de Mons, arch\u00e9ologue amateur passionn\u00e9 de pr\u00e9histoire et d\u2019arch\u00e9ologie, s\u2019int\u00e9resse \u00e0 quelques trouvailles de surface r\u00e9alis\u00e9es par Paul MAURY de Waudrez sur sa \u00abterre \u00e0&nbsp;l\u00e9gumes\u00bb &nbsp;situ\u00e9e au Nord-Ouest de la chauss\u00e9e. Lors de ses recherches, essentiellement limit\u00e9es \u00e0 cette zone, il dresse quelques vagues coupes stratigraphiques ainsi que quelques notes situant approximativement les sondages r\u00e9alis\u00e9s.<\/p>\n\n\n\n<p>Il met notamment au jour \u00ab&nbsp;une petite cave, situ\u00e9e \u00e0 l&rsquo;angle d&rsquo;une habitation, mesurant 2,30 m sur 1,40 m et d&rsquo;une profondeur totale de 1,10 m dont 70 cm \u00e0 parois verticales et \u00e0 fond bien plat&nbsp;\u00bb. Il baptise celle-ci \u00abFosse Gallien\u00bb, du nom de l&#8217;empereur \u00e0 l&rsquo;effigie duquel il y a d\u00e9couvert deux monnaies.<\/p>\n\n\n\n<p>Apr\u00e8s son d\u00e9c\u00e8s en 1975, son \u00e9pouse confie une partie de ses collections au Mus\u00e9e de Mariemont. H\u00e9las, les quelques notes tr\u00e8s impr\u00e9cises et le mat\u00e9riel d\u00e9couvert incomplet rendent difficile la r\u00e9alisation d\u2019une publication.<\/p>\n\n\n\n<p>En 1976, gr\u00e2ce \u00e0 l\u2019intervention de Philippe DEKEGEL, Pr\u00e9sident fondateur du Cercle Arch\u00e9ologique de Waudrez, et de son ami Louis LAURENT, membre de la Soci\u00e9t\u00e9 de Recherches Pr\u00e9historiques en Hainaut, une partie plus importante de d\u00e9couvertes, le cahier de notes de Dominique de GENNARO ainsi que le mat\u00e9riel confi\u00e9 \u00e0 Mariemont sont enfin regroup\u00e9s et confi\u00e9s au Cercle Arch\u00e9ologique de Waudrez.<\/p>\n\n\n\n<p>Les d\u00e9couvertes r\u00e9alis\u00e9es par Dominique de GENNARO seront publi\u00e9es en 1983 par Philippe DEKEGEL et Claire MASSART, arch\u00e9ologue, avec le concours de la F\u00e9d\u00e9ration des Arch\u00e9ologues de Wallonie.<em><br>(\u00abTrouvailles anciennes provenant du vicus de Waudrez&nbsp;\u00bb -collection de GENNARO-<\/em>&nbsp;Waudrez &#8211; 1983)&nbsp;<\/p>\n\n\n\n<p>Passionn\u00e9 par la p\u00e9riode romaine, Philippe DEKEGEL entreprend alors un v\u00e9ritable collationnement de toutes les informations et traces de d\u00e9couvertes r\u00e9alis\u00e9es \u00e0 Waudrez autour de la chauss\u00e9e romaine.<\/p>\n\n\n\n<p>De 1976 \u00e0 1978, sa d\u00e9termination \u00e0 regrouper les trouvailles, \u00e0 r\u00e9colter le moindre indice, son travail de prospection de surface et de prospection a\u00e9rienne permettent enfin de localiser de mani\u00e8re pr\u00e9cise l\u2019emplacement de l\u2019antique&nbsp;<em>Vodgoriacum<\/em>.<\/p>\n\n\n\n<p>En 1978, les tranch\u00e9es effectu\u00e9es par le Centre de Recherches Arch\u00e9ologiques Nationales de l\u2019Universit\u00e9 de Louvain n\u2019ont rencontr\u00e9 aucune structure en dehors de la route antique.<\/p>\n\n\n\n<p>De 1978 \u00e0 1993, le Cercle Arch\u00e9ologique de Waudrez (CAW) entreprit, chaque ann\u00e9e, &nbsp;une campagne de recherches arch\u00e9ologiques sous la responsabilit\u00e9 scientifique de Philippe DEKEGEL. Plusieurs b\u00e2timents ainsi qu\u2019un puits romain exceptionnel sont mis \u00e0 jour. Cahiers de fouilles, coupes stratigraphiques, relev\u00e9s topographiques, inventaires pr\u00e9cis du mat\u00e9riel d\u00e9couvert, mise en valeur des collections apportent enfin au site de&nbsp;<em>Vodgoriacum<\/em>&nbsp;toute la valeur qu\u2019il m\u00e9rite.<\/p>\n\n\n\n<p>En 1989, le site de&nbsp;<em>Vodgoriacum<\/em>&nbsp;fait enfin l\u2019objet d\u2019un classement.<\/p>\n\n\n\n<p>De fin 1999 \u00e0 fin 2010, Pierre CAPERS, licenci\u00e9 en Histoire, Histoire de l\u2019Art et Arch\u00e9ologie, membre de l&rsquo;ASBL Statio Romana, succ\u00e8de \u00e0 Philippe Dekegel dans sa fonction de responsable scientifique de l&rsquo;association.<\/p>\n\n\n\n<p>En collaboration avec d&rsquo;autres scientifiques, il r\u00e9alise la publication&nbsp;des fouilles de la n\u00e9cropole et du puits romain qui avaient \u00e9t\u00e9 effectu\u00e9es par la STATIO ROMANA.<\/p>\n\n\n\n<p>&nbsp;&nbsp;&nbsp;&nbsp; D\u2019un point de vue pratique, le site class\u00e9 de&nbsp;<em>Vodgoriacum<\/em>&nbsp;est d\u00e9sormais divis\u00e9 en sept zones &#8211; ou secteurs de fouilles &#8211; bien distinctes.<\/p>\n\n\n\n<p>Nous pr\u00e9sentons la synth\u00e8se des recherches modernes qui suit en respectant cette division plut\u00f4t que d&rsquo;une mani\u00e8re strictement chronologique.<br><\/p>\n\n\n\n<p><em>Notons au passage qu&rsquo;aucune fouille n&rsquo;est visible actuellement.<\/em><\/p>\n\n\n\n<p class=\"has-text-align-center\"><img loading=\"lazy\" decoding=\"async\" width=\"750\" height=\"546\" class=\"wp-image-122\" style=\"width: 750px;\" src=\"http:\/\/statioromana.org\/wp-content\/uploads\/2024\/06\/zone-fouille.jpg\" alt=\"\" srcset=\"https:\/\/statioromana.org\/wp-content\/uploads\/2024\/06\/zone-fouille.jpg 640w, https:\/\/statioromana.org\/wp-content\/uploads\/2024\/06\/zone-fouille-300x218.jpg 300w\" sizes=\"auto, (max-width: 750px) 100vw, 750px\" \/><br><em>Plan du site et zones de fouilles<\/em><\/p>\n\n\n\n<p><strong>Zone A<\/strong><strong>&nbsp;:<\/strong><strong><u><\/u><\/strong><\/p>\n\n\n\n<p>Situ\u00e9e au Nord de la chauss\u00e9e Brunehault, cette zone est d\u00e9limit\u00e9e \u00e0 l&rsquo;Ouest par la route Binche &#8211; Mons (N.90) et le chemin de P\u00e9ronnes et \u00e0 l&rsquo;Est par l&rsquo;ancien chemin du Tordoir.<strong><u><\/u><\/strong><\/p>\n\n\n\n<p>Consacr\u00e9e aux terres de culture, il s&rsquo;agit certainement de l&rsquo;une des parties les plus importantes du&nbsp;<em>vicus<\/em>, comme en attestent les r\u00e9sultats des d\u00e9couvertes fortuites ainsi que les divers sondages.<\/p>\n\n\n\n<p class=\"has-text-align-center\"><img loading=\"lazy\" decoding=\"async\" width=\"750\" height=\"508\" class=\"wp-image-121\" style=\"width: 750px;\" src=\"http:\/\/statioromana.org\/wp-content\/uploads\/2024\/06\/puits.gif\" alt=\"\"><br><em>Le puits<\/em><\/p>\n\n\n\n<p>Lors de la r\u00e9alisation d&rsquo;une fouille, durant l&rsquo;\u00e9t\u00e9 1983, une d\u00e9couverte majeure est r\u00e9alis\u00e9e dans cette partie du&nbsp;<em>vicus<\/em>. Situ\u00e9e \u00e0 77 m de la chauss\u00e9e moderne, la fouille, sous la conduite scientifique de Philippe DEKEGEL, \u00e9tablira qu\u2019il s\u2019agit &nbsp;d&rsquo;un puits de plus de l2 m\u00e8tres de profondeur.<\/p>\n\n\n\n<p>Construit en pierres de gr\u00e8s locales taill\u00e9es et appareill\u00e9es avec soin sans mortier de sable ou de chaux, ce dernier fut r\u00e9alis\u00e9 durant le premier tiers du I<sup>er<\/sup>&nbsp;si\u00e8cle. Son comblement rapide \u00e0 l&rsquo;aide de tas de terre, de poutres calcin\u00e9es et grosses pierres, est pour partie de caract\u00e8re rituel et devrait \u00eatre replac\u00e9e vers le 3<sup>\u00e8me<\/sup>&nbsp;quart du III<sup>\u00e8me<\/sup>&nbsp;si\u00e8cle. L&rsquo;analyse des diff\u00e9rents niveaux de remplissage et du mat\u00e9riel arch\u00e9ologique tr\u00e8s abondant qu&rsquo;il contient permet en effet de dresser une chronologie relativement pr\u00e9cise de son utilisation et de son abandon.<br>De nombreux squelettes d&rsquo;animaux furent \u00e9galement mis au jour dans ce puits.&nbsp;&nbsp;&nbsp;&nbsp;&nbsp;&nbsp; Le fonds du puits, situ\u00e9 \u00e0 13 m sous le sol antique, ne fut atteint qu&rsquo;en 1985. L&rsquo;hypoth\u00e8se de la pr\u00e9sence d&rsquo;un grand complexe de b\u00e2timents ceinturant cette structure, implant\u00e9 perpendiculairement \u00e0 la chauss\u00e9e romaine, ne para\u00eet pas \u00e0 exclure.<\/p>\n\n\n\n<p>(<em>\u00ab&nbsp;Vie Arch\u00e9ologique&nbsp;\u00bb&nbsp; &#8211; puits et n\u00e9cropole de Vodgoriacum, 3 \u00e9tudes- Bulletin de la F\u00e9d\u00e9ration des Arch\u00e9ologues de Wallonie &#8211; n\u00b060 &#8211; 2003<\/em>)<\/p>\n\n\n\n<p><strong>Zone&nbsp;B :<\/strong><strong><u><\/u><\/strong><\/p>\n\n\n\n<p>Sise au Nord de la chauss\u00e9e, cette zone est d\u00e9limit\u00e9e \u00e0 l&rsquo;Ouest par l&rsquo;ancien chemin du Tordoir et \u00e0 l&rsquo;Est par la rue de la Princesse. Elle encadre donc les deux rives de la rivi\u00e8re qui porte le m\u00eame nom.<\/p>\n\n\n\n<p>En 1978, un projet de d\u00e9rivation du cours de la rivi\u00e8re et de ses deux affluents, la Samme et la Bruille, en vue de leur canalisation conduisit les pas du Cercle Arch\u00e9ologique de Waudrez dans ce nouveau secteur du vicus et plus particuli\u00e8rement sur la rive droite de la Princesse.<\/p>\n\n\n\n<p>Les arch\u00e9ologues du CAW d\u00e9gag\u00e8rent un petit b\u00e2timent quadrangulaire, de 5 m\u00e8tres de c\u00f4t\u00e9s.<\/p>\n\n\n\n<p>En 1984, la Ville de Binche entreprend enfin les travaux de canalisation pr\u00e9vus. La r\u00e9alisation des travaux lourds ne touche heureusement aucune structure arch\u00e9ologique si ce n&rsquo;est un tron\u00e7on de la chauss\u00e9e antique.<\/p>\n\n\n\n<p><strong>Zone&nbsp;C :<\/strong><strong><u><\/u><\/strong><\/p>\n\n\n\n<p>Situ\u00e9e \u00e0 l&rsquo;Est du vicus, cette zone encadre de part et d&rsquo;autre la chauss\u00e9e Brunehault et englobe le Mont-de-la-Justice. Elle est limit\u00e9e \u00e0 l&rsquo;Ouest par la rue de la Princesse. Son relief particulier et la pr\u00e9sence de nombreuses b\u00e2tisses et propri\u00e9t\u00e9s priv\u00e9es, parmi lesquelles le Ch\u00e2teau Desenfan et son parc bois\u00e9, ont emp\u00each\u00e9 toute recherche dans cette zone.<\/p>\n\n\n\n<p>Toutefois, en 1978, le CRAN effectua un rapide sondage sur les pentes du Mont-de-la-Justice. Le d\u00e9sir des arch\u00e9ologues \u00e9tait de retrouver le point de passage de l&rsquo;antique chauss\u00e9e Brunehault. Ce sondage n&rsquo;a r\u00e9v\u00e9l\u00e9 aucune structure construite.<\/p>\n\n\n\n<p><strong>Zone&nbsp;D :<\/strong><strong><u><\/u><\/strong><\/p>\n\n\n\n<p>Plac\u00e9e au Sud de la chauss\u00e9e Brunehault, la Bruille constitue sa limite occidentale. Cette zone s&rsquo;\u00e9tend vers l&rsquo;Est jusqu&rsquo;\u00e0 la rue de la Princesse, franchissant au passage le cours de la Samme. Au sud, elle est bord\u00e9e par la N.90 Binche-Mons.<\/p>\n\n\n\n<p class=\"has-text-align-center\"><img loading=\"lazy\" decoding=\"async\" width=\"750\" height=\"520\" class=\"wp-image-127\" style=\"width: 750px;\" src=\"http:\/\/statioromana.org\/wp-content\/uploads\/2024\/06\/hypocauste.jpg\" alt=\"\" srcset=\"https:\/\/statioromana.org\/wp-content\/uploads\/2024\/06\/hypocauste.jpg 537w, https:\/\/statioromana.org\/wp-content\/uploads\/2024\/06\/hypocauste-300x208.jpg 300w\" sizes=\"auto, (max-width: 750px) 100vw, 750px\" \/><br><em>B\u00e2timent avec bain sur hypocauste<\/em><\/p>\n\n\n\n<p>En 1979, les recherches du Cercle Arch\u00e9ologique de Waudrez se port\u00e8rent sur cette nouvelle partie du&nbsp;<em>vicus<\/em>. L\u00e0 aussi, c&rsquo;est le futur r\u00e9am\u00e9nagement du cours des rivi\u00e8res qui poussa les arch\u00e9ologues dans leurs investigations.<\/p>\n\n\n\n<p>Ainsi, sous la responsabilit\u00e9 scientifique de Philippe DEKEGEL, un vaste complexe de b\u00e2timents y fut d\u00e9couvert. A la surprise g\u00e9n\u00e9rale, apparurent rapidement de vastes installations baln\u00e9aires avec lambeau de radier d&rsquo;hypocauste. A l&rsquo;ext\u00e9rieur des installations, une trace rougie r\u00e9v\u00e9lait encore l&#8217;emplacement de l&rsquo;entr\u00e9e du&nbsp;<em>praefurnium<\/em>.<\/p>\n\n\n\n<p>En 1980, un petit bassin absidial fut mis au jour. Plusieurs murs qui s&rsquo;enchev\u00eatrent prouvent les nombreux r\u00e9am\u00e9nagements de ces b\u00e2tisses. Trois niveaux de construction semblent se surimposer. Des surfaces de circulation ext\u00e9rieures, faites d&#8217;empierrements, sont aussi exhum\u00e9es : il pourrait s&rsquo;agir de chemins. Mais la fouille de ce quartier est abandonn\u00e9e fin l982, au profit d&rsquo;autres secteurs.<\/p>\n\n\n\n<p class=\"has-text-align-center\"><img loading=\"lazy\" decoding=\"async\" width=\"750\" height=\"509\" class=\"wp-image-128\" style=\"width: 750px;\" src=\"http:\/\/statioromana.org\/wp-content\/uploads\/2024\/06\/cave.jpg\" alt=\"\" srcset=\"https:\/\/statioromana.org\/wp-content\/uploads\/2024\/06\/cave.jpg 489w, https:\/\/statioromana.org\/wp-content\/uploads\/2024\/06\/cave-300x204.jpg 300w\" sizes=\"auto, (max-width: 750px) 100vw, 750px\" \/><br><em>Cave avec soupirail<\/em><\/p>\n\n\n\n<p>En 1986, la fouille de la parcelle 204b, appel\u00e9e \u00ab&nbsp;zone des bains\u00bb, reprend enfin.&nbsp;&nbsp; De nouvelles fouilles permettent le d\u00e9gagement du prolongement des murs d\u00e9couverts en 1981. La d\u00e9couverte la plus marquante de cette ann\u00e9e est celle d&rsquo;un soupirail d&rsquo;une cave, desservie par un escalier. Au fond de la cave fut retrouv\u00e9 un vaisselier aux vases de cuisine emboutis. Couvert d&rsquo;une tuile, il \u00e9tait compos\u00e9 de 5 vases de format diff\u00e9rent. Dans le coin Nord de la cave, o\u00f9 l&rsquo;on peut remarquer une assise de r\u00e9glage en tuiles, une enseigne de fer fut retrouv\u00e9e au c\u00f4t\u00e9 de tuiles.<\/p>\n\n\n<div class=\"wp-block-image\">\n<figure class=\"aligncenter size-full is-resized\"><img loading=\"lazy\" decoding=\"async\" width=\"440\" height=\"314\" src=\"http:\/\/statioromana.org\/wp-content\/uploads\/2024\/06\/bains.jpg\" alt=\"\" class=\"wp-image-129\" style=\"width:687px;height:auto\" srcset=\"https:\/\/statioromana.org\/wp-content\/uploads\/2024\/06\/bains.jpg 440w, https:\/\/statioromana.org\/wp-content\/uploads\/2024\/06\/bains-300x214.jpg 300w\" sizes=\"auto, (max-width: 440px) 100vw, 440px\" \/><\/figure>\n<\/div>\n\n\n<p>D\u00e8s 1990, la suppression des banquettes permit d&rsquo;avoir une vue d&rsquo;ensemble des b\u00e2timents. S&rsquo;\u00e9tendant au Nord, la fouille mit au jour d&rsquo;anciennes structures combl\u00e9es de grosses pierres. Une paroi de terre crue ou de torchis fut d\u00e9couverte dans un sol en place. En outre, une fosse \u00e0 charbon de bois apparut sous un sol empierr\u00e9. De forme parfaitement circulaire, elle ne put \u00eatre que partiellement vid\u00e9e. Cette derni\u00e8re livra de nombreux tessons de c\u00e9ramique grise et de scories de fer. Passablement alt\u00e9r\u00e9s par les intemp\u00e9ries, les structures furent finalement rebouch\u00e9es en 1994, deux ans apr\u00e8s l&rsquo;arr\u00eat du chantier.<\/p>\n\n\n\n<p><strong>Zone&nbsp;E :<\/strong><strong><u><\/u><\/strong><\/p>\n\n\n\n<p>Cette zone de forme triangulaire est comprise entre la chauss\u00e9e Brunehault au Nord, la Bruille \u00e0 l&rsquo;Est et la route Binche-Mons (N.90) au Sud-Ouest. Elle inclut le rond-point de&nbsp;<em>Vodgoriacum<\/em>.<\/p>\n\n\n\n<p>Exception faite des maisons et des hangars commerciaux construits en bordure de la N.90, elle est exclusivement compos\u00e9e de prairies. Elle n&rsquo;a fait \u00e0 ce jour l&rsquo;objet d&rsquo;aucune fouille moderne par le CAW, mais des vestiges y ont \u00e9t\u00e9 d\u00e9couverts.<\/p>\n\n\n\n<p>Profitons n\u00e9anmoins de l&rsquo;occasion pour mentionner les fouilles men\u00e9es en 1995 par les Services Arch\u00e9ologiques de la R\u00e9gion wallonne dans le cadre du r\u00e9am\u00e9nagement du rond-point en question par le Minist\u00e8re de l&rsquo;Equipement et des Transports. Plusieurs \u00e9tats diff\u00e9rents de la chauss\u00e9e furent d\u00e9couverts de m\u00eame que quelques tombes \u00e0 incin\u00e9ration, un four de potier et quelques \u00e9dicules de forme quadrangulaire, aux murs ma\u00e7onn\u00e9s.<\/p>\n\n\n\n<p><strong>Zone&nbsp;F :<\/strong><strong><u><\/u><\/strong><\/p>\n\n\n\n<p>Longeant la chauss\u00e9e Brunehault, dont elle occupe le flanc m\u00e9ridional, cette zone s&rsquo;\u00e9tend jusqu&rsquo;aux limites de la commune d&rsquo;Estinnes \u00e0 l&rsquo;Ouest. Sa limite orientale est constitu\u00e9e par le rond-point de&nbsp;<em>Vodgoriacum<\/em>.<\/p>\n\n\n\n<p>Aucune fouille r\u00e9cente n&rsquo;a \u00e9t\u00e9 pratiqu\u00e9e dans cette partie du site, mais la pr\u00e9sence de vestiges d&rsquo;\u00e9poque romaine y est connue. Cette zone para\u00eet \u00eatre ext\u00e9rieure \u00e0 l&rsquo;agglom\u00e9ration antique.<\/p>\n\n\n\n<p><strong>Zone&nbsp;G :<\/strong><strong><u><\/u><\/strong><\/p>\n\n\n\n<p>Faisant face \u00e0 la zone F, cette derni\u00e8re zone, qui borde la chauss\u00e9e sur son c\u00f4t\u00e9 septentrional, s&rsquo;\u00e9tend des limites de la commune d&rsquo;Estinnes \u00e0 l&rsquo;Ouest jusqu&rsquo;au rond-point de&nbsp;<em>Vodgoriacum<\/em>&nbsp;et \u00e0 la route Mons-Binche (N.90) \u00e0 l&rsquo;Est.<\/p>\n\n\n\n<p class=\"has-text-align-center\"><img loading=\"lazy\" decoding=\"async\" width=\"750\" height=\"637\" class=\"wp-image-130\" style=\"width: 750px;\" src=\"http:\/\/statioromana.org\/wp-content\/uploads\/2024\/06\/incineration.jpg\" alt=\"\" srcset=\"https:\/\/statioromana.org\/wp-content\/uploads\/2024\/06\/incineration.jpg 405w, https:\/\/statioromana.org\/wp-content\/uploads\/2024\/06\/incineration-300x255.jpg 300w\" sizes=\"auto, (max-width: 750px) 100vw, 750px\" \/><br><em>Tombe \u00e0 incin\u00e9ration<\/em><\/p>\n\n\n\n<p>Cette zone semble \u00eatre ext\u00e9rieure \u00e0 l&rsquo;agglom\u00e9ration antique, comme le laisse supposer la pr\u00e9sence de tombes. C&rsquo;est dans cette partie du territoire de Waudrez qu&rsquo;ont \u00e9t\u00e9 d\u00e9couverts, en 1984, les vestiges d&rsquo;une antique n\u00e9cropole.<\/p>\n\n\n\n<p>Lors de la construction d&rsquo;une villa, le CAW, sous la responsabilit\u00e9 scientifique de Philippe DEKEGEL, &nbsp;y pratiqua le rapide sauvetage de huit tombes.<\/p>\n\n\n\n<p>Situ\u00e9es sous le niveau de culture, ces tombes \u00e9taient tr\u00e8s bien conserv\u00e9es. Elles comportaient chacunes plusieurs vases, dont une urne dans laquelle \u00e9taient d\u00e9pos\u00e9s les ossements br\u00fbl\u00e9s. Les urnes avaient \u00e9t\u00e9 couvertes par des r\u00e9cipients divers, afin d&rsquo;en prot\u00e9ger le contenu. Chaque tombe \u00e9tait plac\u00e9e dans une fosse quadrangulaire creus\u00e9e \u00e0 m\u00eame le sol. Les parois \u00e9taient parfois d\u00e9limit\u00e9es par des tuiles. Les pi\u00e8ces de monnaies, les fibules et certaines c\u00e9ramiques feraient replacer ces s\u00e9pultures dans la seconde moiti\u00e9 du II<sup>\u00e8me<\/sup>&nbsp;si\u00e8cle.<\/p>\n\n\n\n<p>En 1994, lors de la construction d&rsquo;une villa sur un terrain voisin, les Services arch\u00e9ologiques de la R\u00e9gion wallonne proc\u00e9d\u00e8rent \u00e9galement \u00e0 la fouille d&rsquo;une s\u00e9rie de tombes.<\/p>\n\n\n\n<p>&nbsp;(<em>\u00ab&nbsp;Vie Arch\u00e9ologique&nbsp;\u00bb&nbsp; &#8211; puits et n\u00e9cropole de Vodgoriacum, 3 \u00e9tudes- Bulletin de la F\u00e9d\u00e9ration des Arch\u00e9ologues de Wallonie &#8211; n\u00b060 &#8211; 2003<\/em>)<\/p>\n","protected":false},"excerpt":{"rendered":"<p>&nbsp;&nbsp;&nbsp;&nbsp; Le site de l&rsquo;antique agglom\u00e9ration fait l&rsquo;objet de recherches arch\u00e9ologiques sporadiques d\u00e8s 1838, en raison de nombreuses d\u00e9couvertes fortuites lors de labours. Mais aucune&hellip;<\/p>\n","protected":false},"author":1,"featured_media":0,"parent":89,"menu_order":1,"comment_status":"closed","ping_status":"closed","template":"","meta":{"footnotes":""},"class_list":["post-99","page","type-page","status-publish","hentry"],"_links":{"self":[{"href":"https:\/\/statioromana.org\/index.php\/wp-json\/wp\/v2\/pages\/99","targetHints":{"allow":["GET"]}}],"collection":[{"href":"https:\/\/statioromana.org\/index.php\/wp-json\/wp\/v2\/pages"}],"about":[{"href":"https:\/\/statioromana.org\/index.php\/wp-json\/wp\/v2\/types\/page"}],"author":[{"embeddable":true,"href":"https:\/\/statioromana.org\/index.php\/wp-json\/wp\/v2\/users\/1"}],"replies":[{"embeddable":true,"href":"https:\/\/statioromana.org\/index.php\/wp-json\/wp\/v2\/comments?post=99"}],"version-history":[{"count":4,"href":"https:\/\/statioromana.org\/index.php\/wp-json\/wp\/v2\/pages\/99\/revisions"}],"predecessor-version":[{"id":132,"href":"https:\/\/statioromana.org\/index.php\/wp-json\/wp\/v2\/pages\/99\/revisions\/132"}],"up":[{"embeddable":true,"href":"https:\/\/statioromana.org\/index.php\/wp-json\/wp\/v2\/pages\/89"}],"wp:attachment":[{"href":"https:\/\/statioromana.org\/index.php\/wp-json\/wp\/v2\/media?parent=99"}],"curies":[{"name":"wp","href":"https:\/\/api.w.org\/{rel}","templated":true}]}}